{"id":101470,"date":"2026-09-01T13:03:18","date_gmt":"2026-09-01T19:03:18","guid":{"rendered":"https:\/\/amiiwo.com\/store\/?post_type=product&#038;p=101470"},"modified":"2026-09-01T14:02:14","modified_gmt":"2026-09-01T20:02:14","slug":"triatlon-lago-de-coatepeque","status":"publish","type":"product","link":"https:\/\/amiiwo.com\/store\/product\/triatlon-lago-de-coatepeque\/","title":{"rendered":"TRIATL\u00d3N &#8211; LAGO DE COATEPEQUE"},"content":{"rendered":"","protected":false},"excerpt":{"rendered":"<p style=\"text-align: justify;\"><a href=\"https:\/\/www.bing.com\/ck\/a?!&amp;&amp;p=a269cbbed140ac615a09448309c94fe1244610af9a08585f1283abe23a2ca238JmltdHM9MTc4ODIyMDgwMA&amp;ptn=3&amp;ver=2&amp;hsh=4&amp;fclid=18a79c4f-6ed1-6b54-303e-880c6f6f6ad4&amp;u=a1aHR0cHM6Ly93d3cuZWxzYWx2YWRvci5jb20vdHVyaXNtby9wbGF5YXMteS1zb2wvc2x1Zy1zZW8tbGFnby1kZS1jb2F0ZXBlcXVlLWd1aWEtdHVyaXN0aWNhLWVsLXNhbHZhZG9yLzEyNzYzNTEvMjAyNi8&amp;ntb=1\">El\u00a0Lago\u00a0de\u00a0Coatepeque,\u00a0ubicado\u00a0en\u00a0el\u00a0departamento\u00a0de\u00a0Santa\u00a0Ana,\u00a0El\u00a0Salvador,\u00a0es\u00a0un\u00a0destino\u00a0tur\u00edstico\u00a0destacado\u00a0por\u00a0su\u00a0impresionante\u00a0belleza\u00a0natural\u00a0y\u00a0su\u00a0rica\u00a0historia\u00a0geol\u00f3gica.\u00a0Este\u00a0lago\u00a0de\u00a0origen\u00a0volc\u00e1nico,\u00a0con\u00a0una\u00a0superficie\u00a0de\u00a025.3\u00a0km\u00b2\u00a0y\u00a0una\u00a0profundidad\u00a0de\u00a0115\u00a0metros,\u00a0es\u00a0conocido\u00a0por\u00a0su\u00a0cambio\u00a0de\u00a0color\u00a0azul\u00a0a\u00a0verde\u00a0turquesa,\u00a0que\u00a0ocurre\u00a0cada\u00a0cierto\u00a0tiempo\u00a0debido\u00a0a\u00a0la\u00a0proliferaci\u00f3n\u00a0de\u00a0microalgas\u00a0y\u00a0minerales\u00a0magm\u00e1ticos.\u00a0Las\u00a0aguas\u00a0cambiantes\u00a0son\u00a0un\u00a0fen\u00f3meno\u00a0c\u00edclico\u00a0que\u00a0ha\u00a0ocurrido\u00a0en\u00a0varias\u00a0ocasiones\u00a0desde\u00a01998\u00a0hasta\u00a02019.\u00a0El\u00a0lago\u00a0tambi\u00e9n\u00a0es\u00a0un\u00a0lugar\u00a0ideal\u00a0para\u00a0practicar\u00a0deportes\u00a0acu\u00e1ticos\u00a0como\u00a0kayak,\u00a0jet\u00a0ski\u00a0y\u00a0buceo,\u00a0as\u00ed\u00a0como\u00a0para\u00a0realizar\u00a0senderismo\u00a0y\u00a0bici\u00a0monta\u00f1a\u00a0en\u00a0sus\u00a0alrededores.\u00a0Adem\u00e1s,\u00a0el\u00a0lago\u00a0es\u00a0un\u00a0centro\u00a0de\u00a0inter\u00e9s\u00a0tur\u00edstico\u00a0nacional\u00a0y\u00a0ha\u00a0sido\u00a0declarado\u00a0Reserva\u00a0Natural\u00a0Protegida\u00a0por\u00a0el\u00a0Ministerio\u00a0de\u00a0Medio\u00a0Ambiente.<\/a><\/p>\n<p style=\"text-align: justify;\"><strong>Santa Ana<\/strong>\u00a0es un distrito salvadore\u00f1o, el \u00fanico que conforma la municipalidad de\u00a0<a href=\"https:\/\/es.wikipedia.org\/wiki\/Santa_Ana_Centro\">Santa Ana Centro<\/a>; que cuenta con el t\u00edtulo de\u00a0<a href=\"https:\/\/es.wikipedia.org\/wiki\/Ciudad\">ciudad<\/a>, y que es cabecera del\u00a0<a href=\"https:\/\/es.wikipedia.org\/wiki\/Departamento_de_Santa_Ana\">departamento hom\u00f3nimo<\/a>\u00a0y sede de la\u00a0<a href=\"https:\/\/es.wikipedia.org\/wiki\/Di%C3%B3cesis_de_Santa_Ana\">di\u00f3cesis<\/a>\u00a0hom\u00f3nimos; al d\u00eda de hoy es la ciudad principal de la zona occidental, y segunda ciudad en importancia de\u00a0<a href=\"https:\/\/es.wikipedia.org\/wiki\/El_Salvador\">El Salvador<\/a>, ubicada a 64\u00a0<a href=\"https:\/\/es.wikipedia.org\/wiki\/Kil%C3%B3metro\">km<\/a>\u00a0de la capital de la rep\u00fablica,\u00a0<a href=\"https:\/\/es.wikipedia.org\/wiki\/San_Salvador\">San Salvador<\/a>.<\/p>\n<p><strong>DETALLES DE CARRERA:<\/strong><\/p>\n<ul>\n<li><strong>Fecha:<\/strong> Domingo 17 de enero de 2027<\/li>\n<li><strong data-start=\"2076\" data-end=\"2096\">Lugar de salida:<\/strong> Lago de Coatepeque, Constituci\u00f3n 1950<\/li>\n<li><strong>Hora: <\/strong>7:00 am<\/li>\n<li><strong>Meta y Transici\u00f3n 2:<\/strong> Cervecer\u00eda Salvadore\u00f1a<\/li>\n<li><strong>Precios de inscripci\u00f3n (M\u00e1s gastos de boleter\u00eda):<\/strong>\n<ul>\n<li><strong data-start=\"715\" data-end=\"739\">Triatl\u00f3n individual:<\/strong> $60.00<\/li>\n<li><strong data-start=\"748\" data-end=\"781\">Relevos:<\/strong>\n<ul>\n<li>2 personas: $100.00<\/li>\n<li>3 personas: $150.00<\/li>\n<\/ul>\n<\/li>\n<\/ul>\n<\/li>\n<\/ul>\n<p class=\"isSelectedEnd\"><span style=\"color: #ff0000;\"><strong>**NOTA:<\/strong><\/span><\/p>\n<p class=\"isSelectedEnd\"><span style=\"color: #ff0000;\">Si desea participar en la modalidad de <strong>RELEVOS<\/strong>, el equipo deber\u00e1 estar conformado por <strong>2 o 3 participantes<\/strong>.<\/span><\/p>\n<ul data-spread=\"false\">\n<li><span style=\"color: #ff0000;\">La inscripci\u00f3n en <strong>CATEGOR\u00cdA RELEVOS<\/strong> es v\u00e1lida \u00fanicamente para equipos previamente conformados.<\/span><\/li>\n<li><span style=\"color: #ff0000;\"><strong>El organizador no formar\u00e1 equipos ni asignar\u00e1 participantes el d\u00eda del evento.<\/strong><\/span><\/li>\n<li><span style=\"color: #ff0000;\">Por lo tanto, los integrantes que deseen participar juntos deber\u00e1n <strong>inscribirse previamente como equipo en la CATEGOR\u00cdA RELEVOS<\/strong>.<\/span><\/li>\n<\/ul>\n<ul>\n<li><strong>Inscripci\u00f3n incluye:<\/strong>\n<ul>\n<li>Camiseta alusiva al evento<\/li>\n<li>Medalla finisher<\/li>\n<li>N\u00famero dorsal<\/li>\n<li>Sistema de cronometraje con chip electr\u00f3nico MyLaps<\/li>\n<li>Hidrataci\u00f3n en recorrido<\/li>\n<li>Se\u00f1alizaci\u00f3n y orientaci\u00f3n en recorrido<\/li>\n<li>Refrigerio al finalizar el evento<\/li>\n<li>Asistencia m\u00e9dica<\/li>\n<li>Otros&#8230;<\/li>\n<\/ul>\n<\/li>\n<\/ul>\n","protected":false},"featured_media":101498,"comment_status":"closed","ping_status":"closed","template":"","meta":{"_uf_show_specific_survey":0,"_uf_disable_surveys":false},"product_brand":[],"product_cat":[158],"product_tag":[],"class_list":["post-101470","product","type-product","status-publish","has-post-thumbnail","product_cat-triatlon","tm-no-options","first","instock","sold-individually","taxable","shipping-taxable","purchasable","product-type-variable"],"jetpack_sharing_enabled":true,"_links":{"self":[{"href":"https:\/\/amiiwo.com\/store\/wp-json\/wp\/v2\/product\/101470","targetHints":{"allow":["GET"]}}],"collection":[{"href":"https:\/\/amiiwo.com\/store\/wp-json\/wp\/v2\/product"}],"about":[{"href":"https:\/\/amiiwo.com\/store\/wp-json\/wp\/v2\/types\/product"}],"replies":[{"embeddable":true,"href":"https:\/\/amiiwo.com\/store\/wp-json\/wp\/v2\/comments?post=101470"}],"wp:featuredmedia":[{"embeddable":true,"href":"https:\/\/amiiwo.com\/store\/wp-json\/wp\/v2\/media\/101498"}],"wp:attachment":[{"href":"https:\/\/amiiwo.com\/store\/wp-json\/wp\/v2\/media?parent=101470"}],"wp:term":[{"taxonomy":"product_brand","embeddable":true,"href":"https:\/\/amiiwo.com\/store\/wp-json\/wp\/v2\/product_brand?post=101470"},{"taxonomy":"product_cat","embeddable":true,"href":"https:\/\/amiiwo.com\/store\/wp-json\/wp\/v2\/product_cat?post=101470"},{"taxonomy":"product_tag","embeddable":true,"href":"https:\/\/amiiwo.com\/store\/wp-json\/wp\/v2\/product_tag?post=101470"}],"curies":[{"name":"wp","href":"https:\/\/api.w.org\/{rel}","templated":true}]}}